{"id":3211,"date":"2025-12-07T09:39:55","date_gmt":"2025-12-07T02:39:55","guid":{"rendered":"https:\/\/phuongthanh.vn\/hoat-dong-su-kien\/toa-dam-du-lich-nha-khoa-tiem-nang-phat-trien\/"},"modified":"2026-02-09T09:48:52","modified_gmt":"2026-02-09T02:48:52","slug":"toa-dam-du-lich-nha-khoa-tiem-nang-phat-trien","status":"publish","type":"events","link":"https:\/\/phuongthanh.vn\/en\/events\/toa-dam-du-lich-nha-khoa-tiem-nang-phat-trien\/","title":{"rendered":"Seminar: \u201cDental Tourism \u2013 Development Potential\u201d"},"content":{"rendered":"\n<p>On the morning of <strong>June 28, 2025<\/strong>, in <strong>Sa \u0110\u00e9c City<\/strong>, the seminar <strong>\u201cDental Tourism \u2013 Development Potential\u201d<\/strong> was successfully held, with the honor of welcoming a large and diverse group of delegates from various professional fields.<\/p>\n\n\n\n<figure class=\"wp-block-gallery has-nested-images columns-default is-cropped wp-block-gallery-1 is-layout-flex wp-block-gallery-is-layout-flex\">\n<figure class=\"wp-block-image size-large\"><img loading=\"lazy\" decoding=\"async\" width=\"1024\" height=\"683\" data-id=\"334\" src=\"https:\/\/phuongthanh.vn\/wp-content\/uploads\/2025\/12\/511313463_1337446378389403_5763276476360120943_n-1024x683.jpg\" alt=\"C\u00e1c \u0111\u1ea1i bi\u1ec3u tham d\u1ef1 t\u1ecda \u0111\u00e0m ch\u1ee5p \u1ea3nh l\u01b0u ni\u1ec7m\" class=\"wp-image-334\" srcset=\"https:\/\/phuongthanh.vn\/wp-content\/uploads\/2025\/12\/511313463_1337446378389403_5763276476360120943_n-1024x683.jpg 1024w, https:\/\/phuongthanh.vn\/wp-content\/uploads\/2025\/12\/511313463_1337446378389403_5763276476360120943_n-300x200.jpg 300w, https:\/\/phuongthanh.vn\/wp-content\/uploads\/2025\/12\/511313463_1337446378389403_5763276476360120943_n-768x512.jpg 768w, https:\/\/phuongthanh.vn\/wp-content\/uploads\/2025\/12\/511313463_1337446378389403_5763276476360120943_n-1536x1025.jpg 1536w, https:\/\/phuongthanh.vn\/wp-content\/uploads\/2025\/12\/511313463_1337446378389403_5763276476360120943_n.jpg 2048w\" sizes=\"auto, (max-width: 1024px) 100vw, 1024px\" \/><\/figure>\n<\/figure>\n\n\n\n<p>The event featured the presence of leading experts in the field:<\/p>\n\n\n\n<ul class=\"wp-block-list\">\n<li><strong>Meritorious Physician, Prof. Dr. V\u00f5 Tr\u01b0\u01a1ng Nh\u01b0 Ng\u1ecdc<\/strong> \u2013 Vice Director, Head of the Department of Pediatric Dentistry, Institute of Odonto-Stomatology Training \u2013 Hanoi Medical University; President of the Vietnam Pediatric Dentistry Association.<\/li>\n<\/ul>\n\n\n\n<ul class=\"wp-block-list\">\n<li><strong>Meritorious Physician, Assoc. Prof. Dr. Tr\u01b0\u01a1ng Nh\u1ef1t Khu\u00ea<\/strong> \u2013 Head of the Department of Odonto-Stomatology, Can Tho University of Medicine and Pharmacy.<\/li>\n<\/ul>\n\n\n\n<p>Representing the leadership of <strong>\u0110\u1ed3ng Th\u00e1p Province<\/strong>, the seminar was honored to welcome:<\/p>\n\n\n\n<ul class=\"wp-block-list\">\n<li><strong>Mr. Ph\u1ea1m V\u0103n Chu\u1ea9n<\/strong> \u2013 Member of the Provincial Party Standing Committee, Vice Chairman of the Provincial People\u2019s Council.<\/li>\n<\/ul>\n\n\n\n<ul class=\"wp-block-list\">\n<li><strong>Ms. Hu\u1ef3nh Th\u1ecb Ho\u00e0i Thu<\/strong> \u2013 Provincial Party Committee Member, Director of the Department of Culture, Sports and Tourism.<\/li>\n<\/ul>\n\n\n\n<ul class=\"wp-block-list\">\n<li><strong>Meritorious Physician, Specialist Level II Dr. \u0110o\u00e0n T\u1ea5n B\u1eedu<\/strong> \u2013 Provincial Party Committee Member, Director of the Department of Health.<\/li>\n<\/ul>\n\n\n\n<p>Many representatives from reputable associations and organizations also attended and actively contributed, including:<\/p>\n\n\n\n<ul class=\"wp-block-list\">\n<li><strong>Mr. Tr\u1ea7n Huy Hi\u1ec3n<\/strong> \u2013 Member of the Central Committee of the Vietnam Young Entrepreneurs Association, President of the \u0110\u1ed3ng Th\u00e1p Young Entrepreneurs Association.<\/li>\n<\/ul>\n\n\n\n<ul class=\"wp-block-list\">\n<li><strong>Mr. L\u00ea Ho\u00e0ng T\u00e2y<\/strong> \u2013 Vice President of the Young Entrepreneurs Association.<\/li>\n<\/ul>\n\n\n\n<ul class=\"wp-block-list\">\n<li><strong>Mr. L\u01b0\u01a1ng Nguy\u1ec5n Duy Th\u00f4ng<\/strong> \u2013 Vice President of the Provincial Business Association.<\/li>\n<\/ul>\n\n\n\n<ul class=\"wp-block-list\">\n<li><strong>Mr. B\u00f9i Minh Tuy\u1ebfn<\/strong> \u2013 President of the Provincial Veterans Entrepreneurs Association.<\/li>\n<\/ul>\n\n\n\n<p>The seminar also saw the participation of accommodation providers, travel agencies, and media organizations.<\/p>\n\n\n\n<p>The discussion gathered many valuable insights on the orientation for developing <strong>dental tourism in \u0110\u1ed3ng Th\u00e1p<\/strong>, emphasizing the necessity of close collaboration between the healthcare and tourism sectors, as well as the development of integrated service packages tailored to international visitors\u2014especially overseas Vietnamese.<\/p>\n\n\n\n<p>The event was widely regarded as a <strong>strategic starting point<\/strong>, affirming the strong potential and opening up promising prospects for the sustainable development of the dental tourism model in the <strong>Mekong Delta region<\/strong>.<\/p>\n","protected":false},"excerpt":{"rendered":"<p>On the morning of June 28, 2025, in Sa \u0110\u00e9c City, the seminar \u201cDental Tourism \u2013 Development Potential\u201d was successfully held, with the honor of welcoming a large and diverse group of delegates from various professional fields. The event featured the presence of leading experts in the field: Representing the leadership of \u0110\u1ed3ng Th\u00e1p Province, [&hellip;]<\/p>\n","protected":false},"featured_media":335,"template":"","class_list":["post-3211","events","type-events","status-publish","has-post-thumbnail","hentry"],"_links":{"self":[{"href":"https:\/\/phuongthanh.vn\/en\/wp-json\/wp\/v2\/events\/3211","targetHints":{"allow":["GET"]}}],"collection":[{"href":"https:\/\/phuongthanh.vn\/en\/wp-json\/wp\/v2\/events"}],"about":[{"href":"https:\/\/phuongthanh.vn\/en\/wp-json\/wp\/v2\/types\/events"}],"wp:featuredmedia":[{"embeddable":true,"href":"https:\/\/phuongthanh.vn\/en\/wp-json\/wp\/v2\/media\/335"}],"wp:attachment":[{"href":"https:\/\/phuongthanh.vn\/en\/wp-json\/wp\/v2\/media?parent=3211"}],"curies":[{"name":"wp","href":"https:\/\/api.w.org\/{rel}","templated":true}]}}